{"id":26,"date":"2013-08-07T18:40:35","date_gmt":"2013-08-07T18:40:35","guid":{"rendered":"http:\/\/northiberianctc.com\/blog\/ca\/?page_id=26"},"modified":"2013-10-01T16:40:43","modified_gmt":"2013-10-01T16:40:43","slug":"pirineus-catalans","status":"publish","type":"page","link":"https:\/\/northiberianctc.com\/blog\/ca\/?page_id=26","title":{"rendered":"Pirineus catalans"},"content":{"rendered":"<p>En aquesta p\u00e0gina trobareu apunts espec\u00edfics sobre els Pirineus de Catalunya i, a baix de tot, una mica d&#8217;informaci\u00f3 \u00fatil sobre tota la serralada dels Pirineus i el seu clima.<\/p>\n<p>El nostre viatge en BTT no s&#8217;inicia exactament als Pirineus, per\u00f2 s\u00ed molt a prop i tamb\u00e9 a la costa. Malgrat es comen\u00e7a la ruta al Cap de Creus, a la comarca de l&#8217;Alt Empord\u00e0 de Catalunya, el Pirineu realment sorgeix a la poblaci\u00f3 costanera de Llan\u00e7\u00e0.<\/p>\n<p><a title=\"Track GPS amb el recorregut complet pels Pirineus\" href=\"http:\/\/goo.gl\/UKpBIu\"><strong>Track GPS amb el recorregut complet pels Pirineus<\/strong><\/a><\/p>\n<div style=\"margin: 0 auto 0 auto; width: 400px;\"><iframe loading=\"lazy\" src=\"https:\/\/ssl.panoramio.com\/wapi\/template\/photo.html?user=7124452&amp;tag=Pirineu&amp;bgcolor=%23FFFFFF\" height=\"400\" width=\"500\" frameborder=\"0\" marginwidth=\"0\" marginheight=\"0\" scrolling=\"no\"><\/iframe><\/div>\n<p><strong>Transpirinenca en BTT<\/strong><\/p>\n<p>A Llan\u00e7\u00e0, un poble pescador de la mediterr\u00e0nia Costa Brava, comen\u00e7a tamb\u00e9 una de les rutes en BTT que m\u00e9s s&#8217;est\u00e0 donant a con\u00e8ixer darrerament en el m\u00f3n de l&#8217;esport extrem de muntanya: la Transpirinenca en BTT. \u00c9s un cam\u00ed basat fonamentalment en pistes de muntanya i camins, ciclable en un 95%, que intenta passar sempre a prop o pel mig de l&#8217;eix muntany\u00f3s dels Pirineus.<\/p>\n<p>L&#8217;itinerari b\u00e0sic de la Transpirinenca es basa avui dia en el llibre de Jordi Laparra titulat\u00a0 \u201cLa traves\u00eda de los Pirineos en B.T.T.\u201d i editat per primer cop als anys 90 si no m&#8217;equivoco, segons una experi\u00e8ncia de travessia del propi Laparra, amb Alfons Valls i Jaume Bonaventura. Aquest llibre va ser la base sobre la qual vaig fer el meu primer viatget en BTT pels Pirineus, amb uns companys de la universitat el 1996.<\/p>\n<p>L&#8217;abril de 2013 ha aparegut un altre llibre, publicat per Prames, la mateixa editorial del llibre de Laparra, que es titula \u201cLa gran traves\u00eda de los Pirineos en B.T.T. de mar a mar. Del Mediterr\u00e1neo al Cant\u00e1brico\u201d i \u00e9s obra de Miguel \u00c1ngel Ac\u00edn i Fernando Lampre. No l&#8217;he llegit, per\u00f2 pel que es diu als resums amplia una mica m\u00e9s el recorregut que proposaven Laparra i els seus companys, t\u00e9 menys mapes i aporta enlla\u00e7os per descarregar tracks.<\/p>\n<p>El meu punt de vista personal \u00e9s que ara mateix existeix suficient documentaci\u00f3 de franc, de bona qualitat i contrastada a Internet en uns quants idiomes, com per tal que sigui molt interessant fer-se una ruta pr\u00f2pia i genu\u00efna basant-se en tracks de GPS d&#8217;usuaris de Wikiloc, per exemple, debats i opinions d&#8217;altres persones en f\u00f2rums especialitzats del web, informaci\u00f3 tur\u00edstica i blogs de persones que comparteixen experi\u00e8ncies. \u00c9s \u00fatil tenir un llibre com a guia, per\u00f2\u00a0 no \u00e9s imprescindible si podem a priori obtenir documentaci\u00f3, experi\u00e8ncies i di\u00e0legs directes amb altres ciclistes en una p\u00e0gina web.<\/p>\n<p>En el meu cas, resulta que el llibre de Laparra estava esgotat als fons editorials i tampoc no vaig fer cap esfor\u00e7 per trobar-lo en llibreries que encara el poguessin estar venent. Quan vaig planificar el viatge pel nord ib\u00e8ric, el setembre de 2012, el nou llibre no havia aparegut, i pel mes d&#8217;abril de 2013 ja tenia tan clars els itineraris que seguiria que segurament no m&#8217;haguera ajudat gaie. <strong>Qui vulgui fer una Transpirinenca i res m\u00e9s pot utilitzar els tracks de <a title=\"Transpirinenca de Zinaztli\" href=\"http:\/\/www.cicloide.com\/travesia.asp?t=149\">Zinaztli<\/a><\/strong> <strong>o<\/strong> <strong><a title=\"Transpirinenca d'Anibal\" href=\"http:\/\/es.wikiloc.com\/wikiloc\/view.do?id=1131414\">Anibal<\/a><\/strong>, que s\u00f3n un excel\u00b7lent exemple. Si es vol una ampliaci\u00f3 que inclogui el cam\u00ed del Cap de Creus a Donostia es poden utilitzar els que es troben en aquest web, a banda de ser una variant m\u00e9s ciclable i que salva algunes dificultats greus en alguns punts geogr\u00e0fics si hi ha males condicions metereol\u00f2giques als Pirineus, com ara molta neu acumulada o pistes forestals impracticables.<\/p>\n<ul>\n<li><a title=\"Transpirinaica\" href=\"http:\/\/www.transpirinaica.com\/entr.htm\"><strong>Transpirinaica<\/strong>: un web en castell\u00e0 amb molta informaci\u00f3 \u00fatil d&#8217;allotjaments i serveis<\/a><\/li>\n<li><a title=\"Zinaztli\" href=\"http:\/\/zinaztli.blogspot.com.es\/2012\/07\/transpirenaica-en-btt-ficha-del-viaje.html\"><strong>El blog de Zinaztli<\/strong>, excel\u00b7lent narraci\u00f3 en castell\u00e0 d&#8217;una transpirinenca. Jo vaig usar els seus tracks de GPS.\u00a0<\/a><\/li>\n<\/ul>\n<p><strong>Etapes de la ruta de costa a costa als Pirineus Catalans<\/strong><\/p>\n<p>\u00c9s una de les zones amb clima m\u00e9s variable, amb canvis sobtats i estranys, per\u00f2 tamb\u00e9 \u00e9s un bon lloc per a l&#8217;entrenament de resist\u00e8ncia ja que els pendents en general s\u00f3n suaus i els recorreguts llargs, de manera que els ports no s\u00f3n dif\u00edcils en extrem, llevat d&#8217;un parell de punts cr\u00edtics.<\/p>\n<p>A Catalunya \u00e9s senzill dividir una etapa en dues i fer nit en alguna poblaci\u00f3 on hi hagi c\u00e0mping, per exemple, ja que trobem una bona oferta d&#8217;allotjaments i una pila de pobles. M\u00e9s endavant ja es compliquen les possibilitats de trobar allotjaments en el mateix punt on estem cansats i vulguem passar la nit.<\/p>\n<p><strong>Parcs Naturals a Catalunya<\/strong><\/p>\n<p>La Transpirinenca travessa els massissos per m\u00e9s o menys el mig de l&#8217;eix, de manera que es travessen 9 de les 11 comarques catalanes que comparteixen algun territori al Pirineu Catal\u00e0: Alt Empord\u00e0, La Garrotxa, El Ripoll\u00e8s, La Cerdanya, El Bergued\u00e0, L&#8217;Alt Urgell, El Pallars Juss\u00e0, El Pallars Sobir\u00e0 i l&#8217;Alta Ribagor\u00e7a.<\/p>\n<p>De la mateixa manera es travessen pel mig alguns parcs naturals, com el Cad\u00ed-Moixer\u00f3 i el Parc Natural del Cap de Creus i es passa per zones perif\u00e8riques d&#8217;altres indrets, com ara el Parc Natural de l&#8217;Alt Pirineu i el Parc Nacional d&#8217;Aig\u00fcestortes i Estany de Sant Maurici.<\/p>\n<p>Per saber-ne m\u00e9s: <a title=\"Visit Pirineus\" href=\"http:\/\/www.visitpirineus.com\/Html\/Catalan\/default.asp\">Mapes, turisme i informaci\u00f3 institucional<\/a><\/p>\n<p><strong>Travesses i acampada als Pirineus, en general. Climatologia.<\/strong><\/p>\n<p><strong>Per travessar els Pirineus haurem de rec\u00f3rrer m\u00e9s de mil quil\u00f2metres<\/strong> i cal tenir en compte que s&#8217;hi donen condicions extremes, fins i tot en \u00e8poques que podrien ser benignes a la majoria de zones, com la primavera o l&#8217;estiu.<\/p>\n<p>Les \u00faniques precaucions que cal tenir en compte quan es fa una ruta com la Transpirinenca \u00e9s que a les zones properes a la Mediterr\u00e0nia i a les conques baixes far\u00e0 un clima mediterrani i que a partir dels 1.500 metres hi haur\u00e0 un clima subalp\u00ed i alp\u00ed. En la nostra ruta de costa a costa no trobarem clima atl\u00e0ntic abans d&#8217;entrar a Navarra, per\u00f2 en algunes variants de la Transpirinenca que s&#8217;estan posant de moda darrerament s\u00ed que es pot experimentar aquest clima, entrant a la Val d&#8217;Aran.<\/p>\n<p>El que ens cal saber \u00e9s que conforme avancem d&#8217;Est cap a Oest, en les mateixes altures, seguint la ruta preconfigurada d&#8217;aquest web, les precipitacions tendiran a augmentar i la temperatura a disminuir. Si ens desplacem de Sud a Nord, per exemple, tamb\u00e9 es tendeix a patir m\u00e9s pluges i temperatures m\u00e9s baixes. Les tempestes seran sempre freq\u00fcents, per\u00f2 a les arestes s\u00f3n especialment virulentes.<\/p>\n<p>Tot plegat t\u00e9 la seva import\u00e0ncia <strong>si heu de dormir al mig de la muntanya o en un c\u00e0mping<\/strong>, o fer travesses llargues a molta altura, ja que cal que tingueu en compte que l&#8217;orientaci\u00f3 del vessant de la muntanya determinar\u00e0 les condicions en les quals haureu de circular:<\/p>\n<ul>\n<li>Els vessants <strong>orientats al Sud s\u00f3n secs i tenen m\u00e9s insolaci\u00f3<\/strong>, i hi ha processos m\u00e9s extrems de congelaci\u00f3 i descongelaci\u00f3 de la neu. Es reconeixen perqu\u00e8 a la primavera les plantes hi han rebrotat i florit molt abans, de manera que estan m\u00e9s poblats de vegetaci\u00f3.<\/li>\n<li>Els vessants <strong>orientats al Nord s\u00f3n m\u00e9s humits i menys insolats<\/strong>, no tenen tanta vegetaci\u00f3 i la neu hi resta de manera m\u00e9s estable, la qual cosa vol dir que es mant\u00e9 congelada sense grans canvis.<\/li>\n<\/ul>\n<p><strong><strong><strong><strong><strong>Llista d\u2019etapes de la ruta ib\u00e8rica <\/strong><\/strong><\/strong><\/strong>pels Pirineus de Catalunya<\/strong><\/p>\n<ul>\n<li><a title=\"etapes 1 i 2\" href=\"https:\/\/northiberianctc.com\/blog\/ca\/?p=1\">Etapes 1 i 2: Figueres \u2013 Cap de Creus \u2013 El Port de la Selva<\/a><\/li>\n<li><a title=\"etapa 3\" href=\"https:\/\/northiberianctc.com\/blog\/ca\/?p=116\">Etapa 3: Llan\u00e7\u00e0 \u2013 Sant Lloren\u00e7 de la Muga<\/a><\/li>\n<li><a title=\"etapa 4\" href=\"https:\/\/northiberianctc.com\/blog\/ca\/?p=205\">Etapa 4: Sant Lloren\u00e7 de la Muga \u2013 Montagut i Oix<\/a><\/li>\n<li><a title=\"etapa 5\" href=\"https:\/\/northiberianctc.com\/blog\/ca\/?p=213\">Etapa 5: Montagut i Oix \u2013 Camprodon<\/a><\/li>\n<li><a title=\"etapa 6\" href=\"https:\/\/northiberianctc.com\/blog\/ca\/?p=218\">Etapa 6: Camprodon \u2013 Ribes de Freser<\/a><\/li>\n<li><a title=\"etapa 7\" href=\" https:\/\/northiberianctc.com\/blog\/ca\/?p=225\">Etapa 7: Ribes de Freser \u2013 Planoles<\/a><\/li>\n<li><a title=\"etapa 8\" href=\" https:\/\/northiberianctc.com\/blog\/ca\/?p=243\">Etapa 8: Planoles \u2013 Bag\u00e0<\/a><\/li>\n<li><a title=\"etapa 9\" href=\" https:\/\/northiberianctc.com\/blog\/ca\/?p=248\">Etapa 9: Bag\u00e0 \u2013 F\u00f2rnols<\/a><\/li>\n<li><a title=\"etapa 10\" href=\" https:\/\/northiberianctc.com\/blog\/ca\/?p=253\">Etapa 10: F\u00f2rnols \u2013 La seu d\u2019Urgell<\/a><\/li>\n<li><a title=\"etapa 11\" href=\" https:\/\/northiberianctc.com\/blog\/ca\/?p=259\">Etapa 11: La Seu d\u2019Urgell \u2013 Sant Joan de l\u2019Erm \u2013 Llavors\u00ed<\/a><\/li>\n<li><a title=\"etapa 12\" href=\" https:\/\/northiberianctc.com\/blog\/ca\/?p=266\">Etapa 12: Llavors\u00ed \u2013 El Pont de Suert<\/a><\/li>\n<\/ul>\n","protected":false},"excerpt":{"rendered":"<p>En aquesta p\u00e0gina trobareu apunts espec\u00edfics sobre els Pirineus de Catalunya i, a baix de tot, una mica d&#8217;informaci\u00f3 \u00fatil sobre tota la serralada dels Pirineus i el seu clima. El nostre viatge en BTT no s&#8217;inicia exactament als Pirineus, per\u00f2 s\u00ed molt a prop i tamb\u00e9 a la costa. Malgrat es comen\u00e7a la ruta [&hellip;]<\/p>\n","protected":false},"author":1,"featured_media":0,"parent":0,"menu_order":0,"comment_status":"open","ping_status":"open","template":"page-templates\/full-width.php","meta":{"footnotes":""},"yoast_head":"<!-- This site is optimized with the Yoast SEO plugin v24.5 - https:\/\/yoast.com\/wordpress\/plugins\/seo\/ -->\n<title>Pirineus catalans - Nord Ib\u00e8ric de costa a costa<\/title>\n<meta name=\"robots\" content=\"index, follow, max-snippet:-1, max-image-preview:large, max-video-preview:-1\" \/>\n<link rel=\"canonical\" href=\"https:\/\/northiberianctc.com\/blog\/ca\/?page_id=26\" \/>\n<meta property=\"og:locale\" content=\"ca_ES\" \/>\n<meta property=\"og:type\" content=\"article\" \/>\n<meta property=\"og:title\" content=\"Pirineus catalans - Nord Ib\u00e8ric de costa a costa\" \/>\n<meta property=\"og:description\" content=\"En aquesta p\u00e0gina trobareu apunts espec\u00edfics sobre els Pirineus de Catalunya i, a baix de tot, una mica d&#8217;informaci\u00f3 \u00fatil sobre tota la serralada dels Pirineus i el seu clima. El nostre viatge en BTT no s&#8217;inicia exactament als Pirineus, per\u00f2 s\u00ed molt a prop i tamb\u00e9 a la costa. Malgrat es comen\u00e7a la ruta [&hellip;]\" \/>\n<meta property=\"og:url\" content=\"https:\/\/northiberianctc.com\/blog\/ca\/?page_id=26\" \/>\n<meta property=\"og:site_name\" content=\"Nord Ib\u00e8ric de costa a costa\" \/>\n<meta property=\"article:modified_time\" content=\"2013-10-01T16:40:43+00:00\" \/>\n<meta name=\"twitter:label1\" content=\"Temps estimat de lectura\" \/>\n\t<meta name=\"twitter:data1\" content=\"6 minuts\" \/>\n<script type=\"application\/ld+json\" class=\"yoast-schema-graph\">{\"@context\":\"https:\/\/schema.org\",\"@graph\":[{\"@type\":\"WebPage\",\"@id\":\"https:\/\/northiberianctc.com\/blog\/ca\/?page_id=26\",\"url\":\"https:\/\/northiberianctc.com\/blog\/ca\/?page_id=26\",\"name\":\"Pirineus catalans - Nord Ib\u00e8ric de costa a costa\",\"isPartOf\":{\"@id\":\"https:\/\/northiberianctc.com\/blog\/ca\/#website\"},\"datePublished\":\"2013-08-07T18:40:35+00:00\",\"dateModified\":\"2013-10-01T16:40:43+00:00\",\"breadcrumb\":{\"@id\":\"https:\/\/northiberianctc.com\/blog\/ca\/?page_id=26#breadcrumb\"},\"inLanguage\":\"ca\",\"potentialAction\":[{\"@type\":\"ReadAction\",\"target\":[\"https:\/\/northiberianctc.com\/blog\/ca\/?page_id=26\"]}]},{\"@type\":\"BreadcrumbList\",\"@id\":\"https:\/\/northiberianctc.com\/blog\/ca\/?page_id=26#breadcrumb\",\"itemListElement\":[{\"@type\":\"ListItem\",\"position\":1,\"name\":\"Home\",\"item\":\"https:\/\/northiberianctc.com\/blog\/ca\/\"},{\"@type\":\"ListItem\",\"position\":2,\"name\":\"Pirineus catalans\"}]},{\"@type\":\"WebSite\",\"@id\":\"https:\/\/northiberianctc.com\/blog\/ca\/#website\",\"url\":\"https:\/\/northiberianctc.com\/blog\/ca\/\",\"name\":\"Nord Ib\u00e8ric de costa a costa\",\"description\":\"Nord de la Pen\u00ednsula Ib\u00e8rica, 2.400 km d&#039;experi\u00e8ncia en bicicleta de muntanya\",\"potentialAction\":[{\"@type\":\"SearchAction\",\"target\":{\"@type\":\"EntryPoint\",\"urlTemplate\":\"https:\/\/northiberianctc.com\/blog\/ca\/?s={search_term_string}\"},\"query-input\":{\"@type\":\"PropertyValueSpecification\",\"valueRequired\":true,\"valueName\":\"search_term_string\"}}],\"inLanguage\":\"ca\"}]}<\/script>\n<!-- \/ Yoast SEO plugin. -->","yoast_head_json":{"title":"Pirineus catalans - Nord Ib\u00e8ric de costa a costa","robots":{"index":"index","follow":"follow","max-snippet":"max-snippet:-1","max-image-preview":"max-image-preview:large","max-video-preview":"max-video-preview:-1"},"canonical":"https:\/\/northiberianctc.com\/blog\/ca\/?page_id=26","og_locale":"ca_ES","og_type":"article","og_title":"Pirineus catalans - Nord Ib\u00e8ric de costa a costa","og_description":"En aquesta p\u00e0gina trobareu apunts espec\u00edfics sobre els Pirineus de Catalunya i, a baix de tot, una mica d&#8217;informaci\u00f3 \u00fatil sobre tota la serralada dels Pirineus i el seu clima. El nostre viatge en BTT no s&#8217;inicia exactament als Pirineus, per\u00f2 s\u00ed molt a prop i tamb\u00e9 a la costa. Malgrat es comen\u00e7a la ruta [&hellip;]","og_url":"https:\/\/northiberianctc.com\/blog\/ca\/?page_id=26","og_site_name":"Nord Ib\u00e8ric de costa a costa","article_modified_time":"2013-10-01T16:40:43+00:00","twitter_misc":{"Temps estimat de lectura":"6 minuts"},"schema":{"@context":"https:\/\/schema.org","@graph":[{"@type":"WebPage","@id":"https:\/\/northiberianctc.com\/blog\/ca\/?page_id=26","url":"https:\/\/northiberianctc.com\/blog\/ca\/?page_id=26","name":"Pirineus catalans - Nord Ib\u00e8ric de costa a costa","isPartOf":{"@id":"https:\/\/northiberianctc.com\/blog\/ca\/#website"},"datePublished":"2013-08-07T18:40:35+00:00","dateModified":"2013-10-01T16:40:43+00:00","breadcrumb":{"@id":"https:\/\/northiberianctc.com\/blog\/ca\/?page_id=26#breadcrumb"},"inLanguage":"ca","potentialAction":[{"@type":"ReadAction","target":["https:\/\/northiberianctc.com\/blog\/ca\/?page_id=26"]}]},{"@type":"BreadcrumbList","@id":"https:\/\/northiberianctc.com\/blog\/ca\/?page_id=26#breadcrumb","itemListElement":[{"@type":"ListItem","position":1,"name":"Home","item":"https:\/\/northiberianctc.com\/blog\/ca\/"},{"@type":"ListItem","position":2,"name":"Pirineus catalans"}]},{"@type":"WebSite","@id":"https:\/\/northiberianctc.com\/blog\/ca\/#website","url":"https:\/\/northiberianctc.com\/blog\/ca\/","name":"Nord Ib\u00e8ric de costa a costa","description":"Nord de la Pen\u00ednsula Ib\u00e8rica, 2.400 km d&#039;experi\u00e8ncia en bicicleta de muntanya","potentialAction":[{"@type":"SearchAction","target":{"@type":"EntryPoint","urlTemplate":"https:\/\/northiberianctc.com\/blog\/ca\/?s={search_term_string}"},"query-input":{"@type":"PropertyValueSpecification","valueRequired":true,"valueName":"search_term_string"}}],"inLanguage":"ca"}]}},"_links":{"self":[{"href":"https:\/\/northiberianctc.com\/blog\/ca\/index.php?rest_route=\/wp\/v2\/pages\/26"}],"collection":[{"href":"https:\/\/northiberianctc.com\/blog\/ca\/index.php?rest_route=\/wp\/v2\/pages"}],"about":[{"href":"https:\/\/northiberianctc.com\/blog\/ca\/index.php?rest_route=\/wp\/v2\/types\/page"}],"author":[{"embeddable":true,"href":"https:\/\/northiberianctc.com\/blog\/ca\/index.php?rest_route=\/wp\/v2\/users\/1"}],"replies":[{"embeddable":true,"href":"https:\/\/northiberianctc.com\/blog\/ca\/index.php?rest_route=%2Fwp%2Fv2%2Fcomments&post=26"}],"version-history":[{"count":28,"href":"https:\/\/northiberianctc.com\/blog\/ca\/index.php?rest_route=\/wp\/v2\/pages\/26\/revisions"}],"predecessor-version":[{"id":69,"href":"https:\/\/northiberianctc.com\/blog\/ca\/index.php?rest_route=\/wp\/v2\/pages\/26\/revisions\/69"}],"wp:attachment":[{"href":"https:\/\/northiberianctc.com\/blog\/ca\/index.php?rest_route=%2Fwp%2Fv2%2Fmedia&parent=26"}],"curies":[{"name":"wp","href":"https:\/\/api.w.org\/{rel}","templated":true}]}}