{"id":38,"date":"2013-08-07T18:41:48","date_gmt":"2013-08-07T18:41:48","guid":{"rendered":"http:\/\/northiberianctc.com\/blog\/ca\/?page_id=38"},"modified":"2013-10-01T16:30:08","modified_gmt":"2013-10-01T16:30:08","slug":"galicia","status":"publish","type":"page","link":"https:\/\/northiberianctc.com\/blog\/ca\/?page_id=38","title":{"rendered":"Gal\u00edcia"},"content":{"rendered":"<p>La darrera regi\u00f3 que veurem \u00e9s Gal\u00edcia, <em>Galiza<\/em> en llengua gallega, de la qual farem un recorregut molt fidel de tota la l\u00ednia de costa anomenada <strong>R\u00edas Altas<\/strong>, o sigui des de Ribadeo fins al cap de Finisterre.<\/p>\n<p><strong>El recorregut total \u00e9s de 655 km<\/strong>, que en el meu cas va estar partit en bastants dies i etapes, ja que volia tenir el temps de visitar la costa amb tranquil\u00b7litat, fer etapes curtes amb inter\u00e8s tur\u00edstic i descansar alguns dies en pobles interessants.<\/p>\n<p><a title=\"Track GPS amb el recorregut complet per Gal\u00edcia\" href=\"http:\/\/goo.gl\/ErXbJK\"><strong>Track GPS amb el recorregut complet per Gal\u00edcia<\/strong><\/a><\/p>\n<div style=\"margin: 0 auto 0 auto; width: 400px;\"><iframe loading=\"lazy\" src=\"https:\/\/ssl.panoramio.com\/wapi\/template\/photo.html?user=7124452&amp;tag=Galicia&amp;tag=2013&amp;bgcolor=%23FFFFFF\" height=\"400\" width=\"500\" frameborder=\"0\" marginwidth=\"0\" marginheight=\"0\" scrolling=\"no\"><\/iframe><\/div>\n<p><strong>Climatologia<\/strong><\/p>\n<p>El clima de les R\u00edas Altas \u00e9s m\u00e9s o menys el mateix que el de la resta de la costa que se segueix pel nord ib\u00e8ric, o sigui oce\u00e0nic humit, amb pluja fineta de tant en tant, gaireb\u00e9 tots els dies. \u00c9s una mica m\u00e9s fred que el d&#8217;Ast\u00faries, per\u00f2 a l&#8217;estiu no fa fred ni que les temperatures siguin una mica m\u00e9s baixes que les que trobem a Ast\u00faries.<\/p>\n<p><strong>Recorregut i desnivells<\/strong><\/p>\n<p>Gal\u00edcia \u00e9s un pa\u00eds de pujades i baixades, i pel que fa a la BTT aix\u00f2 cansa bastant les cames. Per contra, no hi ha gaires grans altures, ni gaires muntanyes, de manera que la major part del recorregut es far\u00e0 a nivell del mar o com a molt a 200 metres sobre aquest.<\/p>\n<p>Moltes de les nostres etapes seran per carreteres secund\u00e0ries, i for\u00e7a sovint per carreteres generals. La ra\u00f3 \u00e9s que no sempre hi ha camins en bon estat o pistes forestals que permetin una conducci\u00f3 segura i m\u00ednimament c\u00f2moda. Per evitar carreteres transitades haurem d&#8217;aprofitar camins de per\u00edmetres exteriors d&#8217;urbanitzacions, passejos mar\u00edtims, pistes de serveis, etc. I per la majoria de recorreguts al costat del mar haurem de passar per carreteretes de costa bastant solit\u00e0ries, per\u00f2 el resultat val la pena.<\/p>\n<p>El punt m\u00e9s elevat que trobarem segurament \u00e9s el del Cabo Ortegal, amb les roques m\u00e9s antigues de la Pen\u00ednsula Ib\u00e8rica i on comen\u00e7a el GR 50 de senderisme \u201cRota do Medievo\u201d,\u00a0 al costat de San Andr\u00e9s de Teixido, una meravella natural on es troben els penya-segats de Vix\u00eda Herbeira, amb la fita m\u00e9s alta per sobre del nivell del mar de tot Europa, a 612 m.<\/p>\n<p>El m\u00e9s espectacular que es pot veure als boscos de Gal\u00edcia \u00e9s As Fragas do Eume, la selva del monestir de Caaveiro, el m\u00e9s ben conservat dels darrers boscos term\u00f2fils europeus. Un lloc que s&#8217;ha de visitar si passem a prop de Pontedeume, una poblaci\u00f3 que \u00e9s al principi del Cam\u00ed Angl\u00e8s de Sant Jaume.<\/p>\n<p>Tota la costa gallega s&#8217;assembla for\u00e7a orogr\u00e0ficament, per\u00f2 sis-cents quil\u00f2metres permeten que coneixem llocs completament diferents, contrastos socioculturals i una gran varietat gastron\u00f2mica.<\/p>\n<p><strong>Allotjaments<\/strong><\/p>\n<p>Dormir a Gal\u00edcia, igual que menjar, \u00e9s f\u00e0cil i barat. Aix\u00f2 no vol dir que a tothom li agradi l&#8217;oferta, perqu\u00e8 entre Viveiro i Muxia no hi ha gaires c\u00e0mpings, de manera que els qui volem viure a l&#8217;aire lliure ens haurem de plantejar dormir en albergs, hostals, hotels i pensions, o fer vivac.<\/p>\n<p>L&#8217;avantatge inicial \u00e9s que els preus s\u00f3n bastant raonables a tot arreu i que hi ha una oferta suficient d&#8217;allotjaments, de manera que a tots els pobles amb una m\u00ednima estructura de serveis sempre hi ha un hostal. Com a molt haurem de rec\u00f3rrer 15 km. per trobar una poblaci\u00f3 amb hostatge, per lluny que puguem estar de la civilitzaci\u00f3.<\/p>\n<p><strong>Cam\u00ed de Sant Jaume i recomanacions<\/strong><\/p>\n<p>Ni que Gal\u00edcia sigui el dest\u00ed final dels Camins de Sant Jaume, la relaci\u00f3 entre la nostra ruta i els Camins ser\u00e0 bastant breu, per\u00f2 intensa en els seus punts calents, com Ribadeo, Muxia i Finisterre.<\/p>\n<p>Entre Ribadeo i Viveiro veurem moltes sagetes grogues per les pistes forestals, per\u00f2 no totes s\u00f3n del Cam\u00ed de Sant Jaume, algunes no porten enlloc i no ens en podrem refiar. Un trosset de ruta coincideix amb el Cam\u00ed del Mar, de manera que si volem podem segellar credencials als patronats de turisme, cafeteries, etc., si volem const\u00e0ncia que hem recorregut aquest tram.<\/p>\n<p>De Viveiro a Ferrol no hi ha cap refer\u00e8ncia al Cam\u00ed en tota la costa, perqu\u00e8 el Cam\u00ed se&#8217;n va cap a l&#8217;interior i baixa a Santiago en diagonal. De Ferrol a Coru\u00f1a, passant per Pontedeume i Mi\u00f1o, hi ha interessants trams del Cam\u00ed Angl\u00e8s que ens convindr\u00e0 aprofitar per tal d&#8217;evitar haver de passar per carreteres molt generals. Per saber si hi ha albergs p\u00fablics, cal preguntar-ho als ajuntaments, ja que generalment no se&#8217;n fa molta publicitat i passen desapercebuts, com \u00e9s el cas de l&#8217;alberg de pelegrins municipal de Pontedeume.<\/p>\n<p>Finalment, a Mux\u00eda tornarem a retrobar el Cam\u00ed, com a punt final de pelegrinatge. Nom\u00e9s podrem dormir a l&#8217;alberg oficial si hem segellat la credencial en diferents punts del nostre recorregut recent, ni que no sigui del Cam\u00ed, de manera que tinguem documentats amb segells els darrers 200 km. Podem demanar que ens segellin la credencial en cafeteries, pubs musicals, hotels, parr\u00f2quies i qualsevol organisme p\u00fablic tipus ajuntament, parc de bombers, etc.<\/p>\n<p>A Fisterra ser\u00e0 encara m\u00e9s complicat dormir a l&#8217;alberg p\u00fablic, perqu\u00e8 all\u00ed posen pegues a les persones que no han passat pr\u00e8viament per Santiago, per\u00f2 amb una credencial plena de segells dels darrers 200 km. ja en tindrem prou.<\/p>\n<p><strong><strong><strong><strong>Llista d\u2019etapes de la ruta ib\u00e8rica pe<\/strong><\/strong><\/strong>r Gal\u00edcia<br \/>\n<\/strong><\/p>\n<ul>\n<li><a title=\"etapa 36\" href=\"https:\/\/northiberianctc.com\/blog\/ca\/?p=428\">Etapa 36: Ribadeo \u2013 Viveiro<\/a><\/li>\n<li><a title=\"etapa 37\" href=\"https:\/\/northiberianctc.com\/blog\/ca\/?p=437\">Etapa 37: Viveiro \u2013 Cari\u00f1o \u2013 Cabo Ortegal<\/a><\/li>\n<li><a title=\"etapa 38\" href=\"https:\/\/northiberianctc.com\/blog\/ca\/?p=441\">Etapa 38: Cabo Ortegal \u2013 Teixido \u2013 Valdovi\u00f1o<\/a><\/li>\n<li><a title=\"etapa 39\" href=\"https:\/\/northiberianctc.com\/blog\/ca\/?p=447\">Etapa 39: Valdovi\u00f1o \u2013 Pontedeume<\/a><\/li>\n<li><a title=\"etapa 40\" href=\"https:\/\/northiberianctc.com\/blog\/ca\/?p=452\">Etapa 40: Pontedeume \u2013 Fragas do Eume \u2013 Pontedeume<\/a><\/li>\n<li><a title=\"etapa 41\" href=\"https:\/\/northiberianctc.com\/blog\/ca\/?p=457\">Etapa 41: Pontedeume \u2013 Coru\u00f1a \u2013 Arteixo<\/a><\/li>\n<li><a title=\"etapa 42\" href=\"https:\/\/northiberianctc.com\/blog\/ca\/?p=462\">Etapa 42: Arteixo \u2013 Malpica \u2013 Ponteceso<\/a><\/li>\n<li><a title=\"etapa 43\" href=\"https:\/\/northiberianctc.com\/blog\/ca\/?p=468\">Etapa 43: Ponteceso \u2013 Mux\u00eda<\/a><\/li>\n<li><a title=\"etapa 44\" href=\"https:\/\/northiberianctc.com\/blog\/ca\/?p=475\">Etapa 44: Mux\u00eda \u2013 Fisterra<\/a><\/li>\n<\/ul>\n","protected":false},"excerpt":{"rendered":"<p>La darrera regi\u00f3 que veurem \u00e9s Gal\u00edcia, Galiza en llengua gallega, de la qual farem un recorregut molt fidel de tota la l\u00ednia de costa anomenada R\u00edas Altas, o sigui des de Ribadeo fins al cap de Finisterre. El recorregut total \u00e9s de 655 km, que en el meu cas va estar partit en bastants [&hellip;]<\/p>\n","protected":false},"author":1,"featured_media":0,"parent":0,"menu_order":0,"comment_status":"open","ping_status":"open","template":"page-templates\/full-width.php","meta":{"footnotes":""},"yoast_head":"<!-- This site is optimized with the Yoast SEO plugin v24.5 - https:\/\/yoast.com\/wordpress\/plugins\/seo\/ -->\n<title>Gal\u00edcia - Nord Ib\u00e8ric de costa a costa<\/title>\n<meta name=\"robots\" content=\"index, follow, max-snippet:-1, max-image-preview:large, max-video-preview:-1\" \/>\n<link rel=\"canonical\" href=\"https:\/\/northiberianctc.com\/blog\/ca\/?page_id=38\" \/>\n<meta property=\"og:locale\" content=\"ca_ES\" \/>\n<meta property=\"og:type\" content=\"article\" \/>\n<meta property=\"og:title\" content=\"Gal\u00edcia - Nord Ib\u00e8ric de costa a costa\" \/>\n<meta property=\"og:description\" content=\"La darrera regi\u00f3 que veurem \u00e9s Gal\u00edcia, Galiza en llengua gallega, de la qual farem un recorregut molt fidel de tota la l\u00ednia de costa anomenada R\u00edas Altas, o sigui des de Ribadeo fins al cap de Finisterre. El recorregut total \u00e9s de 655 km, que en el meu cas va estar partit en bastants [&hellip;]\" \/>\n<meta property=\"og:url\" content=\"https:\/\/northiberianctc.com\/blog\/ca\/?page_id=38\" \/>\n<meta property=\"og:site_name\" content=\"Nord Ib\u00e8ric de costa a costa\" \/>\n<meta property=\"article:modified_time\" content=\"2013-10-01T16:30:08+00:00\" \/>\n<meta name=\"twitter:label1\" content=\"Temps estimat de lectura\" \/>\n\t<meta name=\"twitter:data1\" content=\"5 minuts\" \/>\n<script type=\"application\/ld+json\" class=\"yoast-schema-graph\">{\"@context\":\"https:\/\/schema.org\",\"@graph\":[{\"@type\":\"WebPage\",\"@id\":\"https:\/\/northiberianctc.com\/blog\/ca\/?page_id=38\",\"url\":\"https:\/\/northiberianctc.com\/blog\/ca\/?page_id=38\",\"name\":\"Gal\u00edcia - Nord Ib\u00e8ric de costa a costa\",\"isPartOf\":{\"@id\":\"https:\/\/northiberianctc.com\/blog\/ca\/#website\"},\"datePublished\":\"2013-08-07T18:41:48+00:00\",\"dateModified\":\"2013-10-01T16:30:08+00:00\",\"breadcrumb\":{\"@id\":\"https:\/\/northiberianctc.com\/blog\/ca\/?page_id=38#breadcrumb\"},\"inLanguage\":\"ca\",\"potentialAction\":[{\"@type\":\"ReadAction\",\"target\":[\"https:\/\/northiberianctc.com\/blog\/ca\/?page_id=38\"]}]},{\"@type\":\"BreadcrumbList\",\"@id\":\"https:\/\/northiberianctc.com\/blog\/ca\/?page_id=38#breadcrumb\",\"itemListElement\":[{\"@type\":\"ListItem\",\"position\":1,\"name\":\"Home\",\"item\":\"https:\/\/northiberianctc.com\/blog\/ca\/\"},{\"@type\":\"ListItem\",\"position\":2,\"name\":\"Gal\u00edcia\"}]},{\"@type\":\"WebSite\",\"@id\":\"https:\/\/northiberianctc.com\/blog\/ca\/#website\",\"url\":\"https:\/\/northiberianctc.com\/blog\/ca\/\",\"name\":\"Nord Ib\u00e8ric de costa a costa\",\"description\":\"Nord de la Pen\u00ednsula Ib\u00e8rica, 2.400 km d&#039;experi\u00e8ncia en bicicleta de muntanya\",\"potentialAction\":[{\"@type\":\"SearchAction\",\"target\":{\"@type\":\"EntryPoint\",\"urlTemplate\":\"https:\/\/northiberianctc.com\/blog\/ca\/?s={search_term_string}\"},\"query-input\":{\"@type\":\"PropertyValueSpecification\",\"valueRequired\":true,\"valueName\":\"search_term_string\"}}],\"inLanguage\":\"ca\"}]}<\/script>\n<!-- \/ Yoast SEO plugin. -->","yoast_head_json":{"title":"Gal\u00edcia - Nord Ib\u00e8ric de costa a costa","robots":{"index":"index","follow":"follow","max-snippet":"max-snippet:-1","max-image-preview":"max-image-preview:large","max-video-preview":"max-video-preview:-1"},"canonical":"https:\/\/northiberianctc.com\/blog\/ca\/?page_id=38","og_locale":"ca_ES","og_type":"article","og_title":"Gal\u00edcia - Nord Ib\u00e8ric de costa a costa","og_description":"La darrera regi\u00f3 que veurem \u00e9s Gal\u00edcia, Galiza en llengua gallega, de la qual farem un recorregut molt fidel de tota la l\u00ednia de costa anomenada R\u00edas Altas, o sigui des de Ribadeo fins al cap de Finisterre. El recorregut total \u00e9s de 655 km, que en el meu cas va estar partit en bastants [&hellip;]","og_url":"https:\/\/northiberianctc.com\/blog\/ca\/?page_id=38","og_site_name":"Nord Ib\u00e8ric de costa a costa","article_modified_time":"2013-10-01T16:30:08+00:00","twitter_misc":{"Temps estimat de lectura":"5 minuts"},"schema":{"@context":"https:\/\/schema.org","@graph":[{"@type":"WebPage","@id":"https:\/\/northiberianctc.com\/blog\/ca\/?page_id=38","url":"https:\/\/northiberianctc.com\/blog\/ca\/?page_id=38","name":"Gal\u00edcia - Nord Ib\u00e8ric de costa a costa","isPartOf":{"@id":"https:\/\/northiberianctc.com\/blog\/ca\/#website"},"datePublished":"2013-08-07T18:41:48+00:00","dateModified":"2013-10-01T16:30:08+00:00","breadcrumb":{"@id":"https:\/\/northiberianctc.com\/blog\/ca\/?page_id=38#breadcrumb"},"inLanguage":"ca","potentialAction":[{"@type":"ReadAction","target":["https:\/\/northiberianctc.com\/blog\/ca\/?page_id=38"]}]},{"@type":"BreadcrumbList","@id":"https:\/\/northiberianctc.com\/blog\/ca\/?page_id=38#breadcrumb","itemListElement":[{"@type":"ListItem","position":1,"name":"Home","item":"https:\/\/northiberianctc.com\/blog\/ca\/"},{"@type":"ListItem","position":2,"name":"Gal\u00edcia"}]},{"@type":"WebSite","@id":"https:\/\/northiberianctc.com\/blog\/ca\/#website","url":"https:\/\/northiberianctc.com\/blog\/ca\/","name":"Nord Ib\u00e8ric de costa a costa","description":"Nord de la Pen\u00ednsula Ib\u00e8rica, 2.400 km d&#039;experi\u00e8ncia en bicicleta de muntanya","potentialAction":[{"@type":"SearchAction","target":{"@type":"EntryPoint","urlTemplate":"https:\/\/northiberianctc.com\/blog\/ca\/?s={search_term_string}"},"query-input":{"@type":"PropertyValueSpecification","valueRequired":true,"valueName":"search_term_string"}}],"inLanguage":"ca"}]}},"_links":{"self":[{"href":"https:\/\/northiberianctc.com\/blog\/ca\/index.php?rest_route=\/wp\/v2\/pages\/38"}],"collection":[{"href":"https:\/\/northiberianctc.com\/blog\/ca\/index.php?rest_route=\/wp\/v2\/pages"}],"about":[{"href":"https:\/\/northiberianctc.com\/blog\/ca\/index.php?rest_route=\/wp\/v2\/types\/page"}],"author":[{"embeddable":true,"href":"https:\/\/northiberianctc.com\/blog\/ca\/index.php?rest_route=\/wp\/v2\/users\/1"}],"replies":[{"embeddable":true,"href":"https:\/\/northiberianctc.com\/blog\/ca\/index.php?rest_route=%2Fwp%2Fv2%2Fcomments&post=38"}],"version-history":[{"count":16,"href":"https:\/\/northiberianctc.com\/blog\/ca\/index.php?rest_route=\/wp\/v2\/pages\/38\/revisions"}],"predecessor-version":[{"id":84,"href":"https:\/\/northiberianctc.com\/blog\/ca\/index.php?rest_route=\/wp\/v2\/pages\/38\/revisions\/84"}],"wp:attachment":[{"href":"https:\/\/northiberianctc.com\/blog\/ca\/index.php?rest_route=%2Fwp%2Fv2%2Fmedia&parent=38"}],"curies":[{"name":"wp","href":"https:\/\/api.w.org\/{rel}","templated":true}]}}