{"id":17,"date":"2013-08-19T18:36:58","date_gmt":"2013-08-19T18:36:58","guid":{"rendered":"http:\/\/northiberianctc.com\/blog\/es\/?page_id=17"},"modified":"2013-10-16T12:40:19","modified_gmt":"2013-10-16T12:40:19","slug":"pirineo-catalan","status":"publish","type":"page","link":"https:\/\/northiberianctc.com\/blog\/es\/?page_id=17","title":{"rendered":"Pirineo catal\u00e1n"},"content":{"rendered":"<p>En esta p\u00e1gina encontrar\u00e1s apuntes espec\u00edficos sobre los Pirineos de Catalu\u00f1a y, abajo de todo, un poco de informaci\u00f3n \u00fatil sobre toda la cordillera de los Pirineos y su clima.<\/p>\n<p>Nuestro viaje en BTT no se inicia exactamente en los Pirineos, pero s\u00ed muy cerca y tambi\u00e9n en la costa. Aunque se empieza la ruta en el Cabo de Creus, en la comarca del\u00a0 Alt Empord\u00e0 de Catalu\u00f1a, los Pirineos realmente surgen en la poblaci\u00f3n costera de Llan\u00e7\u00e0.<\/p>\n<p><a title=\"Track GPS con el recorrido completo por los Pirineos\" href=\"http:\/\/goo.gl\/UKpBIu\"><strong>Track GPS con el recorrido completo por los Pirineos<\/strong><\/a><\/p>\n<div style=\"margin: 0 auto 0 auto; width: 400px;\"><iframe loading=\"lazy\" src=\"https:\/\/ssl.panoramio.com\/wapi\/template\/photo.html?user=7124452&amp;tag=Pirineu&amp;bgcolor=%23FFFFFF\" height=\"400\" width=\"500\" frameborder=\"0\" marginwidth=\"0\" marginheight=\"0\" scrolling=\"no\"><\/iframe><\/div>\n<p><strong>Transpirenaica en BTT<\/strong><\/p>\n<p>En Llan\u00e7\u00e0, un pueblo pescador de la mediterr\u00e1nea Costa Brava, empieza tambi\u00e9n una de las rutas en BTT que m\u00e1s se est\u00e1 dando a conocer \u00faltimamente en el mundo del deporte extremo de monta\u00f1a: la\u00a0 Transpirenaica en BTT. Es\u00a0 un camino basado fundamentalmente en pistas de monta\u00f1a y caminos, ciclable en un 95%, que intenta pasar siempre cerca o por la mitad del eje monta\u00f1oso de los Pirineos.<\/p>\n<p>El itinerario b\u00e1sico de la Transpirenaica se basa hoy en d\u00eda en el libro de Jordi Laparra titulado \u201cLa traves\u00eda de los Pirineos en B.T.T.\u201d y editado por primera vez en los a\u00f1os 90 si no me equivoco, seg\u00fan una experiencia de traves\u00eda del propio Laparra, con Alfons Valls y Jaume Bonaventura. Este libro fue la base sobre la que hice mi primer viajecito en BTT por los Pirineos, con unos compa\u00f1eros de la universidad en 1996.<\/p>\n<p>En abril de 2013 ha aparecido otro libro, publicado por Prames, la misma editorial del libro de Laparra, que se titula \u201cLa gran traves\u00eda de los Pirineos en B.T.T. de mar a mar. Del Mediterr\u00e1neo al Cant\u00e1brico\u201d y es obra de Miguel \u00c1ngel Ac\u00edn y Fernando Lampre. No lo he le\u00eddo, pero por lo que se dice en los res\u00famenes ampl\u00eda un poco m\u00e1s el recorrido que propon\u00edan Laparra y sus compa\u00f1eros, tiene menos mapas e incorpora enlaces para descargar tracks.<\/p>\n<p>Mi punto de vista es que ahora mismo existe suficiente documentaci\u00f3n gratuita, de buena calidad y contrastada en Internet, en unos cuantos idiomas, como para que sea muy interesante hacerse una ruta propia y genuina bas\u00e1ndose en tracks GPS de usuarios de Wikiloc, por ejemplo, debates y opiniones de otras personas en foros especializados del web, informaci\u00f3n tur\u00edstica y blogs de personas que comparten experiencias. Es \u00fatil tener un libro como gu\u00eda, pero no es imprescindible si podemos a priori obtener documentaci\u00f3n, experiencias y di\u00e1logos directos con otros ciclistas en una p\u00e1gina web.<\/p>\n<p>En mi caso, resulta que el libro de Laparra estaba agotado en los fondos editoriales y tampoco hice ning\u00fan esfuerzo para encontrarlo en librer\u00edas que a\u00fan lo pudieran estar vendiendo. Cuando planifiqu\u00e9 el viaje por el norte ib\u00e9rico, en septiembre de 2012, el nuevo libro no hab\u00eda aparecido, y para el mes de abril de 2013 ya ten\u00eda tan claros los itinerarios que iba a seguir que seguramente no me hubiese ayudado mucho. <strong>Qui\u00e9n desee recorrer una Transpirenaica y nada m\u00e1s puede usar los <a title=\"Transpirenaica de Zinaztli\" href=\"http:\/\/www.cicloide.com\/travesia.asp?t=149\">tracks de Zinaztli<\/a><\/strong> en Cicloide.com o <a title=\"Transpirenaica de An\u00edbal\" href=\"http:\/\/es.wikiloc.com\/wikiloc\/view.do?id=1131414\"><strong>Anibal<\/strong><\/a> en Wikiloc.com, que son un excelente ejemplo. Si se quiere una ampliaci\u00f3n que incluya el Cabo de Creus o San Sebasti\u00e1n\/Donostia se pueden usar los que se encuentran en este sitio web, aparte de que es una variante m\u00e1s ciclable y que salva algunas de las dificultades graves en algunos puntos geogr\u00e1ficos si hay malas condiciones meteorol\u00f3gicas en los Pirineos, como mucha nieve acumulada o pistas forestales impracticables.<\/p>\n<ul>\n<li><a title=\"Transpirinaica\" href=\"http:\/\/www.transpirinaica.com\/entr.htm\"><strong>Transpirinaica<\/strong>: un web en castellano con mucha informaci\u00f3n \u00fatil de alojamientos y servicios<\/a><\/li>\n<li><a title=\"Zinaztli\" href=\"http:\/\/zinaztli.blogspot.com.es\/2012\/07\/transpirenaica-en-btt-ficha-del-viaje.html\"><strong>El blog de Zinaztli<\/strong>, excelente narraci\u00f3n en castellano de una transpirenaica. Yo mismo utilic\u00e9 sus tracks de GPS.<\/a><\/li>\n<\/ul>\n<p><strong>Etapas de la ruta de costa a costa en los Pirineos catalanes<\/strong><\/p>\n<p>Es una de las zonas con clima m\u00e1s variable, con cambios bruscos y extra\u00f1os, pero tambi\u00e9n es un buen sitio para el entrenamiento de resistencia ya que las pendientes en general son suaves y los recorridos largos, de modo que los puertos no son dif\u00edciles en extremo, excepto en un par de puntos cr\u00edticos.<\/p>\n<p>En Catalu\u00f1a es sencillo dividir una etapa en dos y dormir en poblaciones en las que haya un camping, por ejemplo, ya que tenemos una buena oferta de alojamientos y muchas poblaciones. M\u00e1s adelante ya se complican las posibilidades de encontrar alojamientos en el mismo punto en el que estemos cansados y queramos pasar la noche.<\/p>\n<p><strong>Parques naturales en Catalu\u00f1a<\/strong><\/p>\n<p>La Transpirenaica atraviesa los macizos por m\u00e1s o menos la mitad del eje, de modo que se atraviesan 9 de las 11 comarcas que comparten alg\u00fan territorio en el Pirineo Catal\u00e1n: el Alt Empord\u00e0, la Garrotxa, el Ripoll\u00e8s, la Cerdanya, el Bergued\u00e0, el Alt Urgell, el Pallars Juss\u00e0, el Pallars Sobir\u00e0 y la Alta Ribagor\u00e7a.<\/p>\n<p>Del mismo modo se atraviesan algunos parques naturales, como el\u00a0 Cad\u00ed-Moixer\u00f3 y el Parc Natural del Cap de Creus y se pasa por algunas zonas perif\u00e9ricas de otros lugares, como el Parc Natural de l&#8217;Alt Pirineu y el Parc Nacional d&#8217;Aig\u00fcestortes i Estany de Sant Maurici.<\/p>\n<p>Mapa, turismo e informaci\u00f3n institucional: <a title=\"Visit Pirineus\" href=\"http:\/\/www.visitpirineus.com\/Html\/Castellano\/default.asp?\">http:\/\/www.visitpirineus.com\/Html\/Castellano\/default.asp?<\/a><\/p>\n<p><strong>Traves\u00edas y acampada en los Pirineos, en general. Climatolog\u00eda.<\/strong><\/p>\n<p>Para atravesar los Pirineos tendremos que <strong>recorrer m\u00e1s de mil kil\u00f3metros<\/strong> y debemos tener en cuenta que existen condiciones extremas, incluso en \u00e9pocas que podr\u00edan ser benignas en la mayor\u00eda de zonas, como la primavera o el verano.<\/p>\n<p>Las \u00fanicas previsiones que hace falta tener en cuenta cuando se desarrolla una ruta como la Transpirenaica es que en zonas cercanas al Mediterr\u00e1neo y en las cuencas bajas tendremos tiempo mediterr\u00e1neo y que a partir de 1.500 metros habr\u00e1 clima subalpino y alpino. En nuestra ruta de costa a costa no encontraremos clima atl\u00e1ntico antes de entrar en Navarra, pero en algunas variantes de la Transpirenaica que se ponen de moda \u00faltimamente s\u00ed que se puede experimentar ese clima, entrando en el Valle de Aran.<\/p>\n<p>Lo que necesitamos saber es que conforme avanzamos de Este hacia Oeste, en las mismas alturas, siguiendo la ruta preconfigurada de este web, las precipitaciones tender\u00e1n a aumentar y la temperatura a disminuir. Si nos desplazamos de Sur a Norte, por ejemplo, se tiende tambi\u00e9n a soportar m\u00e1s lluvias y temperaturas m\u00e1s bajas. Las tormentas ser\u00e1n siempre frecuentes, pero en las aristas son especialmente virulentas.<\/p>\n<p>Todo ello tiene su importancia<strong> si tenemos que dormir en medio de la monta\u00f1a o en un camping<\/strong>, o hacer traves\u00edas largas a mucha altura, ya que se debe tener en cuenta que la orientaci\u00f3n de la vertiente de la monta\u00f1a determinar\u00e1 las condiciones en las que tendremos que circular:<\/p>\n<ul>\n<li><strong>Las vertientes orientadas al Sur son secas y tienen m\u00e1s insolaci\u00f3n<\/strong>, y hay procesos m\u00e1s extremos de congelaci\u00f3n y descongelaci\u00f3n de la nieve. Se reconocen porque en primavera las plantas han rebrotado y florecido mucho antes que en el resto, de modo que est\u00e1n m\u00e1s pobladas de vegetaci\u00f3n.<\/li>\n<li><strong>Las vertientes orientadas al Norte son m\u00e1s h\u00famedas y menos insoladas<\/strong>, no tienen tanta vegetaci\u00f3n y la nieve es m\u00e1s estable, lo que significa que se mantiene congelada sin grandes cambios.<\/li>\n<\/ul>\n<p><strong>Lista de etapas de la ruta de costa a costa por los Pirineos Catalanes<\/strong><\/p>\n<ul>\n<li><a title=\"etapas 1 y 2\" href=\"https:\/\/northiberianctc.com\/blog\/es\/?p=149\">Etapas 1 y 2: Figueres \u2013 Cap de Creus \u2013 El Port de la Selva<\/a><\/li>\n<li><a title=\"etapa 3\" href=\"https:\/\/northiberianctc.com\/blog\/es\/?p=151\">Etapa 3: Llan\u00e7\u00e0 \u2013 Sant Lloren\u00e7 de la Muga<\/a><\/li>\n<li><a title=\"etapa 4\" href=\"https:\/\/northiberianctc.com\/blog\/es\/?p=155\">Etapa 4: Sant Lloren\u00e7 de la Muga \u2013 Montagut i Oix<\/a><\/li>\n<li><a title=\"etapa 5\" href=\"https:\/\/northiberianctc.com\/blog\/es\/?p=157\">Etapa 5: Montagut i Oix \u2013 Camprodon<\/a><\/li>\n<li><a title=\"etapa 6\" href=\"https:\/\/northiberianctc.com\/blog\/es\/?p=160\">Etapa 6: Camprodon \u2013 Ribes de Freser<\/a><\/li>\n<li><a title=\"etapa 7\" href=\"https:\/\/northiberianctc.com\/blog\/es\/?p=162\">Etapa 7: Ribes de Freser \u2013 Planoles<\/a><\/li>\n<li><a title=\"etapa 8\" href=\"https:\/\/northiberianctc.com\/blog\/es\/?p=164\">Etapa 8: Planoles \u2013 Bag\u00e0<\/a><\/li>\n<li><a title=\"etapa 9\" href=\"https:\/\/northiberianctc.com\/blog\/es\/?p=166\">Etapa 9: Bag\u00e0 \u2013 F\u00f2rnols<\/a><\/li>\n<li><a title=\"etapa 10\" href=\"https:\/\/northiberianctc.com\/blog\/es\/?p=168\">Etapa 10: F\u00f2rnols \u2013 La Seu d\u2019Urgell<\/a><\/li>\n<li><a title=\"etapa 11\" href=\"https:\/\/northiberianctc.com\/blog\/es\/?p=170\">Etapa 11: La Seu d\u2019Urgell \u2013 Sant Joan de l\u2019Erm \u2013 Llavors\u00ed<\/a><\/li>\n<li><a title=\"etapa 12\" href=\"https:\/\/northiberianctc.com\/blog\/es\/?p=172\">Etapa 12: Llavors\u00ed \u2013 El Pont de Suert<\/a><\/li>\n<\/ul>\n","protected":false},"excerpt":{"rendered":"<p>En esta p\u00e1gina encontrar\u00e1s apuntes espec\u00edficos sobre los Pirineos de Catalu\u00f1a y, abajo de todo, un poco de informaci\u00f3n \u00fatil sobre toda la cordillera de los Pirineos y su clima. Nuestro viaje en BTT no se inicia exactamente en los Pirineos, pero s\u00ed muy cerca y tambi\u00e9n en la costa. Aunque se empieza la ruta [&hellip;]<\/p>\n","protected":false},"author":1,"featured_media":0,"parent":0,"menu_order":0,"comment_status":"open","ping_status":"open","template":"page-templates\/full-width.php","meta":{"footnotes":""},"class_list":["post-17","page","type-page","status-publish","hentry"],"yoast_head":"<!-- This site is optimized with the Yoast SEO plugin v27.5 - https:\/\/yoast.com\/product\/yoast-seo-wordpress\/ -->\n<title>Pirineo catal\u00e1n - Norte Ib\u00e9rico de costa a costa<\/title>\n<meta name=\"robots\" content=\"index, follow, max-snippet:-1, max-image-preview:large, max-video-preview:-1\" \/>\n<link rel=\"canonical\" href=\"https:\/\/northiberianctc.com\/blog\/es\/?page_id=17\" \/>\n<meta property=\"og:locale\" content=\"es_ES\" \/>\n<meta property=\"og:type\" content=\"article\" \/>\n<meta property=\"og:title\" content=\"Pirineo catal\u00e1n - Norte Ib\u00e9rico de costa a costa\" \/>\n<meta property=\"og:description\" content=\"En esta p\u00e1gina encontrar\u00e1s apuntes espec\u00edficos sobre los Pirineos de Catalu\u00f1a y, abajo de todo, un poco de informaci\u00f3n \u00fatil sobre toda la cordillera de los Pirineos y su clima. Nuestro viaje en BTT no se inicia exactamente en los Pirineos, pero s\u00ed muy cerca y tambi\u00e9n en la costa. Aunque se empieza la ruta [&hellip;]\" \/>\n<meta property=\"og:url\" content=\"https:\/\/northiberianctc.com\/blog\/es\/?page_id=17\" \/>\n<meta property=\"og:site_name\" content=\"Norte Ib\u00e9rico de costa a costa\" \/>\n<meta property=\"article:modified_time\" content=\"2013-10-16T12:40:19+00:00\" \/>\n<meta name=\"twitter:label1\" content=\"Tiempo de lectura\" \/>\n\t<meta name=\"twitter:data1\" content=\"7 minutos\" \/>\n<script type=\"application\/ld+json\" class=\"yoast-schema-graph\">{\"@context\":\"https:\\\/\\\/schema.org\",\"@graph\":[{\"@type\":\"WebPage\",\"@id\":\"https:\\\/\\\/northiberianctc.com\\\/blog\\\/es\\\/?page_id=17\",\"url\":\"https:\\\/\\\/northiberianctc.com\\\/blog\\\/es\\\/?page_id=17\",\"name\":\"Pirineo catal\u00e1n - Norte Ib\u00e9rico de costa a costa\",\"isPartOf\":{\"@id\":\"https:\\\/\\\/northiberianctc.com\\\/blog\\\/es\\\/#website\"},\"datePublished\":\"2013-08-19T18:36:58+00:00\",\"dateModified\":\"2013-10-16T12:40:19+00:00\",\"breadcrumb\":{\"@id\":\"https:\\\/\\\/northiberianctc.com\\\/blog\\\/es\\\/?page_id=17#breadcrumb\"},\"inLanguage\":\"es\",\"potentialAction\":[{\"@type\":\"ReadAction\",\"target\":[\"https:\\\/\\\/northiberianctc.com\\\/blog\\\/es\\\/?page_id=17\"]}]},{\"@type\":\"BreadcrumbList\",\"@id\":\"https:\\\/\\\/northiberianctc.com\\\/blog\\\/es\\\/?page_id=17#breadcrumb\",\"itemListElement\":[{\"@type\":\"ListItem\",\"position\":1,\"name\":\"Home\",\"item\":\"https:\\\/\\\/northiberianctc.com\\\/blog\\\/es\\\/\"},{\"@type\":\"ListItem\",\"position\":2,\"name\":\"Pirineo catal\u00e1n\"}]},{\"@type\":\"WebSite\",\"@id\":\"https:\\\/\\\/northiberianctc.com\\\/blog\\\/es\\\/#website\",\"url\":\"https:\\\/\\\/northiberianctc.com\\\/blog\\\/es\\\/\",\"name\":\"Norte Ib\u00e9rico de costa a costa\",\"description\":\"Norte de la Pen\u00ednsula Ib\u00e9rica, 2.400 km de experiencia en bicicleta de monta\u00f1a\",\"potentialAction\":[{\"@type\":\"SearchAction\",\"target\":{\"@type\":\"EntryPoint\",\"urlTemplate\":\"https:\\\/\\\/northiberianctc.com\\\/blog\\\/es\\\/?s={search_term_string}\"},\"query-input\":{\"@type\":\"PropertyValueSpecification\",\"valueRequired\":true,\"valueName\":\"search_term_string\"}}],\"inLanguage\":\"es\"}]}<\/script>\n<!-- \/ Yoast SEO plugin. -->","yoast_head_json":{"title":"Pirineo catal\u00e1n - Norte Ib\u00e9rico de costa a costa","robots":{"index":"index","follow":"follow","max-snippet":"max-snippet:-1","max-image-preview":"max-image-preview:large","max-video-preview":"max-video-preview:-1"},"canonical":"https:\/\/northiberianctc.com\/blog\/es\/?page_id=17","og_locale":"es_ES","og_type":"article","og_title":"Pirineo catal\u00e1n - Norte Ib\u00e9rico de costa a costa","og_description":"En esta p\u00e1gina encontrar\u00e1s apuntes espec\u00edficos sobre los Pirineos de Catalu\u00f1a y, abajo de todo, un poco de informaci\u00f3n \u00fatil sobre toda la cordillera de los Pirineos y su clima. Nuestro viaje en BTT no se inicia exactamente en los Pirineos, pero s\u00ed muy cerca y tambi\u00e9n en la costa. Aunque se empieza la ruta [&hellip;]","og_url":"https:\/\/northiberianctc.com\/blog\/es\/?page_id=17","og_site_name":"Norte Ib\u00e9rico de costa a costa","article_modified_time":"2013-10-16T12:40:19+00:00","twitter_misc":{"Tiempo de lectura":"7 minutos"},"schema":{"@context":"https:\/\/schema.org","@graph":[{"@type":"WebPage","@id":"https:\/\/northiberianctc.com\/blog\/es\/?page_id=17","url":"https:\/\/northiberianctc.com\/blog\/es\/?page_id=17","name":"Pirineo catal\u00e1n - Norte Ib\u00e9rico de costa a costa","isPartOf":{"@id":"https:\/\/northiberianctc.com\/blog\/es\/#website"},"datePublished":"2013-08-19T18:36:58+00:00","dateModified":"2013-10-16T12:40:19+00:00","breadcrumb":{"@id":"https:\/\/northiberianctc.com\/blog\/es\/?page_id=17#breadcrumb"},"inLanguage":"es","potentialAction":[{"@type":"ReadAction","target":["https:\/\/northiberianctc.com\/blog\/es\/?page_id=17"]}]},{"@type":"BreadcrumbList","@id":"https:\/\/northiberianctc.com\/blog\/es\/?page_id=17#breadcrumb","itemListElement":[{"@type":"ListItem","position":1,"name":"Home","item":"https:\/\/northiberianctc.com\/blog\/es\/"},{"@type":"ListItem","position":2,"name":"Pirineo catal\u00e1n"}]},{"@type":"WebSite","@id":"https:\/\/northiberianctc.com\/blog\/es\/#website","url":"https:\/\/northiberianctc.com\/blog\/es\/","name":"Norte Ib\u00e9rico de costa a costa","description":"Norte de la Pen\u00ednsula Ib\u00e9rica, 2.400 km de experiencia en bicicleta de monta\u00f1a","potentialAction":[{"@type":"SearchAction","target":{"@type":"EntryPoint","urlTemplate":"https:\/\/northiberianctc.com\/blog\/es\/?s={search_term_string}"},"query-input":{"@type":"PropertyValueSpecification","valueRequired":true,"valueName":"search_term_string"}}],"inLanguage":"es"}]}},"_links":{"self":[{"href":"https:\/\/northiberianctc.com\/blog\/es\/index.php?rest_route=\/wp\/v2\/pages\/17","targetHints":{"allow":["GET"]}}],"collection":[{"href":"https:\/\/northiberianctc.com\/blog\/es\/index.php?rest_route=\/wp\/v2\/pages"}],"about":[{"href":"https:\/\/northiberianctc.com\/blog\/es\/index.php?rest_route=\/wp\/v2\/types\/page"}],"author":[{"embeddable":true,"href":"https:\/\/northiberianctc.com\/blog\/es\/index.php?rest_route=\/wp\/v2\/users\/1"}],"replies":[{"embeddable":true,"href":"https:\/\/northiberianctc.com\/blog\/es\/index.php?rest_route=%2Fwp%2Fv2%2Fcomments&post=17"}],"version-history":[{"count":17,"href":"https:\/\/northiberianctc.com\/blog\/es\/index.php?rest_route=\/wp\/v2\/pages\/17\/revisions"}],"predecessor-version":[{"id":81,"href":"https:\/\/northiberianctc.com\/blog\/es\/index.php?rest_route=\/wp\/v2\/pages\/17\/revisions\/81"}],"wp:attachment":[{"href":"https:\/\/northiberianctc.com\/blog\/es\/index.php?rest_route=%2Fwp%2Fv2%2Fmedia&parent=17"}],"curies":[{"name":"wp","href":"https:\/\/api.w.org\/{rel}","templated":true}]}}